{"id":6369,"date":"2021-11-04T09:53:19","date_gmt":"2021-11-04T08:53:19","guid":{"rendered":"https:\/\/20x20-projekt.com\/art-auctions-fr\/"},"modified":"2025-03-21T02:25:45","modified_gmt":"2025-03-21T01:25:45","slug":"art-auctions-fr","status":"publish","type":"page","link":"https:\/\/20x20-projekt.com\/fr\/","title":{"rendered":"Accueil"},"content":{"rendered":"\t\t<div data-elementor-type=\"wp-page\" data-elementor-id=\"6369\" class=\"elementor elementor-6369 elementor-5934\">\n\t\t\t\t\t\t<section class=\"elementor-section elementor-top-section elementor-element elementor-element-6e0d328 elementor-section-boxed elementor-section-height-default elementor-section-height-default\" data-id=\"6e0d328\" data-element_type=\"section\" data-e-type=\"section\">\n\t\t\t\t\t\t<div class=\"elementor-container elementor-column-gap-default\">\n\t\t\t\t\t<div class=\"elementor-column elementor-col-100 elementor-top-column elementor-element elementor-element-350ff90\" data-id=\"350ff90\" data-element_type=\"column\" data-e-type=\"column\">\n\t\t\t<div class=\"elementor-widget-wrap elementor-element-populated\">\n\t\t\t\t\t\t<div class=\"elementor-element elementor-element-77f1e83 elementor-headline--style-highlight elementor-widget elementor-widget-animated-headline\" data-id=\"77f1e83\" data-element_type=\"widget\" data-e-type=\"widget\" data-settings=\"{&quot;marker&quot;:&quot;underline&quot;,&quot;highlighted_text&quot;:&quot;ench\\u00e8res&quot;,&quot;_animation&quot;:&quot;none&quot;,&quot;headline_style&quot;:&quot;highlight&quot;,&quot;loop&quot;:&quot;yes&quot;,&quot;highlight_animation_duration&quot;:1200,&quot;highlight_iteration_delay&quot;:8000}\" data-widget_type=\"animated-headline.default\">\n\t\t\t\t<div class=\"elementor-widget-container\">\n\t\t\t\t\t\t\t\t<a href=\"https:\/\/20x20-projekt.com\/auktionen\/\">\n\n\t\t\t\t\t<h3 class=\"elementor-headline\">\n\t\t\t\t\t<span class=\"elementor-headline-plain-text elementor-headline-text-wrapper\">Acc\u00e9dez directement aux<\/span>\n\t\t\t\t<span class=\"elementor-headline-dynamic-wrapper elementor-headline-text-wrapper\">\n\t\t\t\t\t<span class=\"elementor-headline-dynamic-text elementor-headline-text-active\">ench\u00e8res<\/span>\n\t\t\t\t<\/span>\n\t\t\t\t<\/h3>\n\t\t<\/a>\t\t\t\t<\/div>\n\t\t\t\t<\/div>\n\t\t\t\t\t<\/div>\n\t\t<\/div>\n\t\t\t\t\t<\/div>\n\t\t<\/section>\n\t\t\t\t<section class=\"elementor-section elementor-top-section elementor-element elementor-element-400226b elementor-section-boxed elementor-section-height-default elementor-section-height-default\" data-id=\"400226b\" data-element_type=\"section\" data-e-type=\"section\">\n\t\t\t\t\t\t<div class=\"elementor-container elementor-column-gap-default\">\n\t\t\t\t\t<div class=\"elementor-column elementor-col-50 elementor-top-column elementor-element elementor-element-e97d374\" data-id=\"e97d374\" data-element_type=\"column\" data-e-type=\"column\">\n\t\t\t<div class=\"elementor-widget-wrap elementor-element-populated\">\n\t\t\t\t\t\t<div class=\"elementor-element elementor-element-88015d9 elementor-widget elementor-widget-heading\" data-id=\"88015d9\" data-element_type=\"widget\" data-e-type=\"widget\" data-widget_type=\"heading.default\">\n\t\t\t\t<div class=\"elementor-widget-container\">\n\t\t\t\t\t<h2 class=\"elementor-heading-title elementor-size-default\"><br><br><br>Au sujet du projet :<\/h2>\t\t\t\t<\/div>\n\t\t\t\t<\/div>\n\t\t\t\t\t<\/div>\n\t\t<\/div>\n\t\t\t\t<div class=\"elementor-column elementor-col-50 elementor-top-column elementor-element elementor-element-21f8015\" data-id=\"21f8015\" data-element_type=\"column\" data-e-type=\"column\">\n\t\t\t<div class=\"elementor-widget-wrap elementor-element-populated\">\n\t\t\t\t\t\t<div class=\"elementor-element elementor-element-839915c elementor-widget elementor-widget-theme-post-featured-image elementor-widget-image\" data-id=\"839915c\" data-element_type=\"widget\" data-e-type=\"widget\" data-widget_type=\"theme-post-featured-image.default\">\n\t\t\t\t<div class=\"elementor-widget-container\">\n\t\t\t\t\t\t\t\t\t\t\t\t\t\t\t<img fetchpriority=\"high\" decoding=\"async\" width=\"386\" height=\"217\" src=\"https:\/\/20x20-projekt.com\/wp-content\/uploads\/2022\/03\/GegenNoma_Auktion_Logo-1.jpg\" class=\"attachment-full size-full wp-image-6432\" alt=\"\" srcset=\"https:\/\/20x20-projekt.com\/wp-content\/uploads\/2022\/03\/GegenNoma_Auktion_Logo-1.jpg 386w, https:\/\/20x20-projekt.com\/wp-content\/uploads\/2022\/03\/GegenNoma_Auktion_Logo-1-200x112.jpg 200w, https:\/\/20x20-projekt.com\/wp-content\/uploads\/2022\/03\/GegenNoma_Auktion_Logo-1-300x169.jpg 300w\" sizes=\"(max-width: 386px) 100vw, 386px\" \/>\t\t\t\t\t\t\t\t\t\t\t\t\t\t\t<\/div>\n\t\t\t\t<\/div>\n\t\t\t\t\t<\/div>\n\t\t<\/div>\n\t\t\t\t\t<\/div>\n\t\t<\/section>\n\t\t\t\t<section class=\"elementor-section elementor-top-section elementor-element elementor-element-3098e155 elementor-section-boxed elementor-section-height-default elementor-section-height-default\" data-id=\"3098e155\" data-element_type=\"section\" data-e-type=\"section\">\n\t\t\t\t\t\t<div class=\"elementor-container elementor-column-gap-default\">\n\t\t\t\t\t<div class=\"elementor-column elementor-col-100 elementor-top-column elementor-element elementor-element-5c982fb\" data-id=\"5c982fb\" data-element_type=\"column\" data-e-type=\"column\">\n\t\t\t<div class=\"elementor-widget-wrap elementor-element-populated\">\n\t\t\t\t\t\t<div class=\"elementor-element elementor-element-576322ce elementor-widget elementor-widget-text-editor\" data-id=\"576322ce\" data-element_type=\"widget\" data-e-type=\"widget\" data-widget_type=\"text-editor.default\">\n\t\t\t\t<div class=\"elementor-widget-container\">\n\t\t\t\t\t\t\t\t\t<p>Le projet 20\u00d720 est une campagne annuelle de collecte de fonds sous forme d&rsquo;une vente aux ench\u00e8res en ligne. Lanc\u00e9e pour la premi\u00e8re fois en 2016, elle a permis de r\u00e9colter plus de 31 690 \u20ac \u00e0 ce jour. Des artistes professionnels et amateurs, principalement allemands de la r\u00e9gion de Mayence, mais aussi fran\u00e7ais, offrent des \u0153uvres pour les ench\u00e8res, principalement au format 20x20cm. Comme chaque ann\u00e9e, le produit de la vente aux ench\u00e8res sera vers\u00e9 sans d\u00e9duction \u00e0 l&rsquo;association \u00ab\u00a0Gegen Noma-Parmed e.V.\u00a0\u00bb. Le projet 20\u00d720 est soutenu depuis le d\u00e9but par le comit\u00e9 d&rsquo;entreprise de Boehringer Ingelheim ainsi que par l&rsquo;association artistique d&rsquo;Ingelheim, qui compte plus de 200 membres.<\/p><h4>Qu&rsquo;est-ce que le Noma ?<\/h4><p>Le noma est une infection bact\u00e9rienne multifactorielle qui touche principalement les enfants en Afrique. En raison de la malnutrition et des mauvaises conditions d&rsquo;hygi\u00e8ne, les l\u00e8vres, les m\u00e2choires et d&rsquo;autres parties du visage pourrissent en quelques jours. Vous trouverez de plus amples informations \u00e0 ce sujet sur <a href=\"http:\/\/www.gegen-noma.de\">www.gegen-noma.de<\/a><\/p><h4>Puis-je faire don de photos 20x20cm ?<\/h4><p>Vos photos peuvent \u00eatre d\u00e9pos\u00e9es au Kunstverein Ingelheim e.V., Bahnhofstrasse 48 \u00e0 55218 Ingelheim, apr\u00e8s avoir pris rendez-vous par mail \u00e0 <a href=\"mailto:info@20x20-projekt.com\">info@20&#215;20-projekt.com<\/a><\/p><p><u>Conditions:<\/u><\/p><p>\u2013 Date limite de remise: 10.04.2025<\/p><p>\u2013 3 \u0153uvres maximum par artiste<\/p><p>\u2013 Format 20\u00d720 cm (d&rsquo;autres formats sont propos\u00e9s en ligne, mais ne seront pas expos\u00e9s dans la cave des vignerons)<\/p><p>\u2013 Signature au recto<\/p><p>\u2013 Verso: nom de l&rsquo;artiste \/ titre \/ technique \/ site web ou adresse e-mail<\/p><p><u>D\u00e9p\u00f4t des \u0153uvres :<\/u><\/p><p>\u2013 Gesundheitszentrum Mainz-Gonsenheim, Kapellenstra\u00dfe 7, 55124 Mayence<b> sur rendez-vous<\/b> : <a href=\"mailto:info@20x20-projekt.com\">info@20\u00d720-projekt.com<\/a><\/p><p>\u2013 Kunstverein Ingelheim e.V., Bahnhofstra\u00dfe 48, 55218 Ingelheim pendant les expositions (ven. 16h-18h \/ sam. 10h-13h \/ dim. 14h-17h)<\/p><h4>Puis-je voir les \u0153uvres d&rsquo;art sur place ?<\/h4><p>Les \u0153uvres d&rsquo;art seront expos\u00e9es du 1er au 31 mai 2025 dans le jardin d&rsquo;hiver de la <a href=\"https:\/\/www.ingelheimer-winzerkeller.de\/\">Winzerkeller<\/a> \u00e0 Ingelheim. Le vernissage aura lieu le jeudi 8 mai 2025 \u00e0 18 heures. Vous \u00eates cordialement invit\u00e9s !<\/p><p>Adresse : Binger Stra\u00dfe 16, 55218 Ingelheim &#8211; Heures d&rsquo;ouverture : Lu &#8211; Ve 9.00 &#8211; 18.00 \/ Sa 9.00 &#8211; 14.00<\/p><h4>Comment fonctionne la vente aux ench\u00e8res ?<\/h4><p>La vente aux ench\u00e8res se d\u00e9roule en ligne. Les offres peuvent \u00eatre r\u00e9alis\u00e9es \u00e0 partir du 01.05.2025, la vente se termine le 31.05.2025 \u00e0 22h00. Les soumissionnaires re\u00e7oivent un e-mail de confirmation. En cas de surench\u00e8re, un e-mail d&rsquo;information vous est adress\u00e9 pour vous confirmer que votre ench\u00e8re est la plus haute. Les gagnants des ench\u00e8res en seront inform\u00e9s le 01.06.2025.<\/p><h4>Comment puis-je recevoir l&rsquo;\u0153uvre d&rsquo;art que j&rsquo;ai achet\u00e9e aux ench\u00e8res ?<\/h4><p>Contre paiement en esp\u00e8ces ou pr\u00e9sentation d&rsquo;un justificatif de virement, l&rsquo;\u0153uvre d&rsquo;art peut \u00eatre retir\u00e9e au Kunstverein Ingelheim e.V., Bahnhofstrasse 48, 55218 Ingelheim. D&rsquo;autres alternatives sont propos\u00e9es sur demande \u00e0 l&rsquo;adresse : info@20\u00d720-projekt.com.<\/p>\t\t\t\t\t\t\t\t<\/div>\n\t\t\t\t<\/div>\n\t\t\t\t<div class=\"elementor-element elementor-element-71f5269 elementor-widget elementor-widget-spacer\" data-id=\"71f5269\" data-element_type=\"widget\" data-e-type=\"widget\" data-widget_type=\"spacer.default\">\n\t\t\t\t<div class=\"elementor-widget-container\">\n\t\t\t\t\t\t\t<div class=\"elementor-spacer\">\n\t\t\t<div class=\"elementor-spacer-inner\"><\/div>\n\t\t<\/div>\n\t\t\t\t\t\t<\/div>\n\t\t\t\t<\/div>\n\t\t\t\t\t<\/div>\n\t\t<\/div>\n\t\t\t\t\t<\/div>\n\t\t<\/section>\n\t\t\t\t<section class=\"elementor-section elementor-top-section elementor-element elementor-element-f9cba68 elementor-section-boxed elementor-section-height-default elementor-section-height-default\" data-id=\"f9cba68\" data-element_type=\"section\" data-e-type=\"section\">\n\t\t\t\t\t\t<div class=\"elementor-container elementor-column-gap-default\">\n\t\t\t\t\t<div class=\"elementor-column elementor-col-50 elementor-top-column elementor-element elementor-element-c610330\" data-id=\"c610330\" data-element_type=\"column\" data-e-type=\"column\">\n\t\t\t<div class=\"elementor-widget-wrap elementor-element-populated\">\n\t\t\t\t\t\t<div class=\"elementor-element elementor-element-1c8b41a elementor-widget elementor-widget-image\" data-id=\"1c8b41a\" data-element_type=\"widget\" data-e-type=\"widget\" data-widget_type=\"image.default\">\n\t\t\t\t<div class=\"elementor-widget-container\">\n\t\t\t\t\t\t\t\t\t\t\t\t<figure class=\"wp-caption\">\n\t\t\t\t\t\t\t\t\t\t\t<a href=\"https:\/\/20x20-projekt.com\/die-hilfsorganisation\/\">\n\t\t\t\t\t\t\t<img decoding=\"async\" src=\"https:\/\/20x20-projekt.com\/wp-content\/uploads\/elementor\/thumbs\/BurkinaFaso-qk1kgn3yr43hzfcb70t2hbvrj2f7ji58dv01jfr0eg.jpg\" title=\"Burkina Faso\" alt=\"Burkina Faso\" loading=\"lazy\" \/>\t\t\t\t\t\t\t\t<\/a>\n\t\t\t\t\t\t\t\t\t\t\t<figcaption class=\"widget-image-caption wp-caption-text\">L'ONG b\u00e9n\u00e9ficiaire<\/figcaption>\n\t\t\t\t\t\t\t\t\t\t<\/figure>\n\t\t\t\t\t\t\t\t\t<\/div>\n\t\t\t\t<\/div>\n\t\t\t\t\t<\/div>\n\t\t<\/div>\n\t\t\t\t<div class=\"elementor-column elementor-col-50 elementor-top-column elementor-element elementor-element-646ff4a\" data-id=\"646ff4a\" data-element_type=\"column\" data-e-type=\"column\">\n\t\t\t<div class=\"elementor-widget-wrap elementor-element-populated\">\n\t\t\t\t\t\t<div class=\"elementor-element elementor-element-9c02bf0 elementor-widget elementor-widget-image\" data-id=\"9c02bf0\" data-element_type=\"widget\" data-e-type=\"widget\" data-widget_type=\"image.default\">\n\t\t\t\t<div class=\"elementor-widget-container\">\n\t\t\t\t\t\t\t\t\t\t\t\t<figure class=\"wp-caption\">\n\t\t\t\t\t\t\t\t\t\t\t<a href=\"https:\/\/20x20-projekt.com\/der-kunstverein\/\">\n\t\t\t\t\t\t\t<img decoding=\"async\" src=\"https:\/\/20x20-projekt.com\/wp-content\/uploads\/elementor\/thumbs\/Kunstverein-Ingelheim-Foto-scaled-qk1kgsqzw4b7x344a38twagj3dnetormemwyf3ind4.jpg\" title=\"Kunstverein Ingelheim Foto\" alt=\"Kunstverein Ingelheim Foto\" loading=\"lazy\" \/>\t\t\t\t\t\t\t\t<\/a>\n\t\t\t\t\t\t\t\t\t\t\t<figcaption class=\"widget-image-caption wp-caption-text\">L'association Kunstverein Ingelheim e.V.<\/figcaption>\n\t\t\t\t\t\t\t\t\t\t<\/figure>\n\t\t\t\t\t\t\t\t\t<\/div>\n\t\t\t\t<\/div>\n\t\t\t\t\t<\/div>\n\t\t<\/div>\n\t\t\t\t\t<\/div>\n\t\t<\/section>\n\t\t\t\t<section class=\"elementor-section elementor-top-section elementor-element elementor-element-d5b96f0 elementor-section-boxed elementor-section-height-default elementor-section-height-default\" data-id=\"d5b96f0\" data-element_type=\"section\" data-e-type=\"section\">\n\t\t\t\t\t\t<div class=\"elementor-container elementor-column-gap-default\">\n\t\t\t\t\t<div class=\"elementor-column elementor-col-100 elementor-top-column elementor-element elementor-element-14d6bcf\" data-id=\"14d6bcf\" data-element_type=\"column\" data-e-type=\"column\">\n\t\t\t<div class=\"elementor-widget-wrap elementor-element-populated\">\n\t\t\t\t\t\t<div class=\"elementor-element elementor-element-03c22d5 elementor-widget elementor-widget-image\" data-id=\"03c22d5\" data-element_type=\"widget\" data-e-type=\"widget\" data-widget_type=\"image.default\">\n\t\t\t\t<div class=\"elementor-widget-container\">\n\t\t\t\t\t\t\t\t\t\t\t\t\t\t\t<img decoding=\"async\" src=\"https:\/\/20x20-projekt.com\/wp-content\/uploads\/elementor\/thumbs\/Einladung-zur-Vernissage-20x20-2023-qk1kgsqjg2rmmh0v7bnhcitpz55xh57agk6wld0frs.jpg\" title=\"Einladung-zur-Vernissage-20&#215;20-2023\" alt=\"Einladung-zur-Vernissage-20x20-2023\" loading=\"lazy\" \/>\t\t\t\t\t\t\t\t\t\t\t\t\t\t\t<\/div>\n\t\t\t\t<\/div>\n\t\t\t\t\t<\/div>\n\t\t<\/div>\n\t\t\t\t\t<\/div>\n\t\t<\/section>\n\t\t\t\t<\/div>\n\t\t","protected":false},"excerpt":{"rendered":"<p>Acc\u00e9dez directement aux ench\u00e8res Au sujet du projet : Le projet 20\u00d720 est une campagne annuelle de collecte de fonds sous forme d&rsquo;une vente aux ench\u00e8res en ligne. Lanc\u00e9e pour la premi\u00e8re fois en 2016, elle a permis de r\u00e9colter plus de 31 690 \u20ac \u00e0 ce jour. Des artistes professionnels et amateurs, principalement allemands [&hellip;]<\/p>\n","protected":false},"author":1,"featured_media":0,"parent":0,"menu_order":0,"comment_status":"closed","ping_status":"closed","template":"","meta":{"footnotes":""},"class_list":["post-6369","page","type-page","status-publish","hentry"],"_links":{"self":[{"href":"https:\/\/20x20-projekt.com\/fr\/wp-json\/wp\/v2\/pages\/6369","targetHints":{"allow":["GET"]}}],"collection":[{"href":"https:\/\/20x20-projekt.com\/fr\/wp-json\/wp\/v2\/pages"}],"about":[{"href":"https:\/\/20x20-projekt.com\/fr\/wp-json\/wp\/v2\/types\/page"}],"author":[{"embeddable":true,"href":"https:\/\/20x20-projekt.com\/fr\/wp-json\/wp\/v2\/users\/1"}],"replies":[{"embeddable":true,"href":"https:\/\/20x20-projekt.com\/fr\/wp-json\/wp\/v2\/comments?post=6369"}],"version-history":[{"count":22,"href":"https:\/\/20x20-projekt.com\/fr\/wp-json\/wp\/v2\/pages\/6369\/revisions"}],"predecessor-version":[{"id":15246,"href":"https:\/\/20x20-projekt.com\/fr\/wp-json\/wp\/v2\/pages\/6369\/revisions\/15246"}],"wp:attachment":[{"href":"https:\/\/20x20-projekt.com\/fr\/wp-json\/wp\/v2\/media?parent=6369"}],"curies":[{"name":"wp","href":"https:\/\/api.w.org\/{rel}","templated":true}]}}